{"id":1013,"date":"2019-04-12T22:19:22","date_gmt":"2019-04-12T21:19:22","guid":{"rendered":"http:\/\/u-c-o.de\/?page_id=1013"},"modified":"2019-04-12T22:19:22","modified_gmt":"2019-04-12T21:19:22","slug":"ausflug-werksbesichtigung-woerth","status":"publish","type":"page","link":"http:\/\/u-c-o.de\/?page_id=1013","title":{"rendered":"Ausflug Werksbesichtigung W\u00f6rth"},"content":{"rendered":"<p><span lang=\"DE\">Einheitlich in orange Warnwesten gekleidet haben zw\u00f6lf Interessierte die Montagelinie der Mercedes Special Trucks im Mercedes Lkw-Werk in W\u00f6rth am Rhein besichtigt. Dabei konnte die Entstehung von Econic, Zetros und de<a href=\"http:\/\/u-c-o.de\/wp-content\/uploads\/2019\/04\/2019-04-Ausflug-W\u00f6rth-02.jpg\"><img loading=\"lazy\" class=\"alignright size-medium wp-image-1015\" src=\"http:\/\/u-c-o.de\/wp-content\/uploads\/2019\/04\/2019-04-Ausflug-W\u00f6rth-02-300x225.jpg\" alt=\"\" width=\"300\" height=\"225\" srcset=\"http:\/\/u-c-o.de\/wp-content\/uploads\/2019\/04\/2019-04-Ausflug-W\u00f6rth-02-300x225.jpg 300w, http:\/\/u-c-o.de\/wp-content\/uploads\/2019\/04\/2019-04-Ausflug-W\u00f6rth-02-768x576.jpg 768w, http:\/\/u-c-o.de\/wp-content\/uploads\/2019\/04\/2019-04-Ausflug-W\u00f6rth-02-1024x768.jpg 1024w, http:\/\/u-c-o.de\/wp-content\/uploads\/2019\/04\/2019-04-Ausflug-W\u00f6rth-02-400x300.jpg 400w\" sizes=\"(max-width: 300px) 100vw, 300px\" \/><\/a>s Unimog miterlebt werden. Man kann dabei verfolgen, wie aus Einzelteilen komplette Fahrzeuge werden, die dann am <\/span><span lang=\"DE\">Ende selbstst\u00e4ndig das Band verlassen.<br \/>\nWeiter ging es anschlie\u00dfend ins Unimog Museum nach Gaggenau, wo die Gruppe eine F\u00fchrung durch das Museum bekam. Dabei konnte man einige Exponate der aktuellen Sonderausstellung \u201eDer Unimog als Baumeister\u201c besichtigen. Nach einer St\u00e4rkung auf der Terrasse des Restaurants im Unimog Museum ging es weiter in das Fahrzeugmuseum nach Marxzell. Neben unz\u00e4hligen Fahrzeugen gibt es dort noch viel mehr zu bestaunen.<a href=\"http:\/\/u-c-o.de\/wp-content\/uploads\/2019\/04\/2019-04-Ausflug-W\u00f6rth-06.jpg\"><img loading=\"lazy\" class=\"alignright size-medium wp-image-1019\" src=\"http:\/\/u-c-o.de\/wp-content\/uploads\/2019\/04\/2019-04-Ausflug-W\u00f6rth-06-300x225.jpg\" alt=\"\" width=\"300\" height=\"225\" srcset=\"http:\/\/u-c-o.de\/wp-content\/uploads\/2019\/04\/2019-04-Ausflug-W\u00f6rth-06-300x225.jpg 300w, http:\/\/u-c-o.de\/wp-content\/uploads\/2019\/04\/2019-04-Ausflug-W\u00f6rth-06-768x576.jpg 768w, http:\/\/u-c-o.de\/wp-content\/uploads\/2019\/04\/2019-04-Ausflug-W\u00f6rth-06-1024x768.jpg 1024w, http:\/\/u-c-o.de\/wp-content\/uploads\/2019\/04\/2019-04-Ausflug-W\u00f6rth-06-400x300.jpg 400w\" sizes=\"(max-width: 300px) 100vw, 300px\" \/><\/a> Das Museum ist ein Sammelsurium von allerlei Dingen, die zumeist thematisch sortiert, zu den Hauptexponaten \u201epassen\u201c. Die Anf\u00e4nge des Museums gehen zur\u00fcck auf die sechziger Jahre des vergangenen Jahrhunderts. Der Besitzer Wolfgang Reichert nahm sich die Zeit, um einige Exponate vorzuf\u00fchren oder die Herkunft einzelner Ausstellungsst\u00fccke zu erl\u00e4utern. So hat er einen alten Musikspielschrank in Bewegung gesetzt, der dann seine Melodie abgespielt hat. Von einer altert\u00fcmlichen Ampel, die von der Decke hing, konnte er berichten, dass sie bis 1965 den Verkehr auf einer Kreuzung in Karlsruhe geregelt hat. In einem authentisch mit alten Kinost\u00fchlen ausgestatten Saal konnte zum Abschluss noch ein amerikanischer Slapstick-Kurzfilm angeschaut werden, der die Lachmuskeln der Besucher kr\u00e4ftig strapaziert hat. Der ca. 3-st\u00fcndige Aufenthalt im Museum hat lediglich dazu gereicht, um sich einen groben \u00dcberblick zu verschaffen. Um jedoch alles zu entdecken, werden noch einige zus\u00e4tzliche Besuche n\u00f6tig sein.<\/span><\/p>\n\n\t\t<style type=\"text\/css\">\n\t\t\t#gallery-1 {\n\t\t\t\tmargin: auto;\n\t\t\t}\n\t\t\t#gallery-1 .gallery-item {\n\t\t\t\tfloat: left;\n\t\t\t\tmargin-top: 10px;\n\t\t\t\ttext-align: center;\n\t\t\t\twidth: 33%;\n\t\t\t}\n\t\t\t#gallery-1 img {\n\t\t\t\tborder: 2px solid #cfcfcf;\n\t\t\t}\n\t\t\t#gallery-1 .gallery-caption {\n\t\t\t\tmargin-left: 0;\n\t\t\t}\n\t\t\t\/* see gallery_shortcode() in wp-includes\/media.php *\/\n\t\t<\/style>\n\t\t<div id='gallery-1' class='gallery galleryid-1013 gallery-columns-3 gallery-size-thumbnail'><dl class='gallery-item'>\n\t\t\t<dt class='gallery-icon landscape'>\n\t\t\t\t<a href='http:\/\/u-c-o.de\/?attachment_id=1014'><img width=\"150\" height=\"150\" src=\"http:\/\/u-c-o.de\/wp-content\/uploads\/2019\/04\/2019-04-Ausflug-W\u00f6rth-01-150x150.jpg\" class=\"attachment-thumbnail size-thumbnail\" alt=\"\" loading=\"lazy\" \/><\/a>\n\t\t\t<\/dt><\/dl><dl class='gallery-item'>\n\t\t\t<dt class='gallery-icon landscape'>\n\t\t\t\t<a href='http:\/\/u-c-o.de\/?attachment_id=1016'><img width=\"150\" height=\"150\" src=\"http:\/\/u-c-o.de\/wp-content\/uploads\/2019\/04\/2019-04-Ausflug-W\u00f6rth-03-150x150.jpg\" class=\"attachment-thumbnail size-thumbnail\" alt=\"\" loading=\"lazy\" \/><\/a>\n\t\t\t<\/dt><\/dl><dl class='gallery-item'>\n\t\t\t<dt class='gallery-icon landscape'>\n\t\t\t\t<a href='http:\/\/u-c-o.de\/?attachment_id=1017'><img width=\"150\" height=\"150\" src=\"http:\/\/u-c-o.de\/wp-content\/uploads\/2019\/04\/2019-04-Ausflug-W\u00f6rth-04-150x150.jpg\" class=\"attachment-thumbnail size-thumbnail\" alt=\"\" loading=\"lazy\" \/><\/a>\n\t\t\t<\/dt><\/dl><br style=\"clear: both\" \/><dl class='gallery-item'>\n\t\t\t<dt class='gallery-icon landscape'>\n\t\t\t\t<a href='http:\/\/u-c-o.de\/?attachment_id=1018'><img width=\"150\" height=\"150\" src=\"http:\/\/u-c-o.de\/wp-content\/uploads\/2019\/04\/2019-04-Ausflug-W\u00f6rth-05-150x150.jpg\" class=\"attachment-thumbnail size-thumbnail\" alt=\"\" loading=\"lazy\" \/><\/a>\n\t\t\t<\/dt><\/dl><dl class='gallery-item'>\n\t\t\t<dt class='gallery-icon landscape'>\n\t\t\t\t<a href='http:\/\/u-c-o.de\/?attachment_id=1020'><img width=\"150\" height=\"150\" src=\"http:\/\/u-c-o.de\/wp-content\/uploads\/2019\/04\/2019-04-Ausflug-W\u00f6rth-07-150x150.jpg\" class=\"attachment-thumbnail size-thumbnail\" alt=\"\" loading=\"lazy\" \/><\/a>\n\t\t\t<\/dt><\/dl><dl class='gallery-item'>\n\t\t\t<dt class='gallery-icon landscape'>\n\t\t\t\t<a href='http:\/\/u-c-o.de\/?attachment_id=1021'><img width=\"150\" height=\"150\" src=\"http:\/\/u-c-o.de\/wp-content\/uploads\/2019\/04\/2019-04-Ausflug-W\u00f6rth-08-150x150.jpg\" class=\"attachment-thumbnail size-thumbnail\" alt=\"\" loading=\"lazy\" \/><\/a>\n\t\t\t<\/dt><\/dl><br style=\"clear: both\" \/><dl class='gallery-item'>\n\t\t\t<dt class='gallery-icon landscape'>\n\t\t\t\t<a href='http:\/\/u-c-o.de\/?attachment_id=1022'><img width=\"150\" height=\"150\" src=\"http:\/\/u-c-o.de\/wp-content\/uploads\/2019\/04\/2019-04-Ausflug-W\u00f6rth-09-150x150.jpg\" class=\"attachment-thumbnail size-thumbnail\" alt=\"\" loading=\"lazy\" \/><\/a>\n\t\t\t<\/dt><\/dl>\n\t\t\t<br style='clear: both' \/>\n\t\t<\/div>\n\n","protected":false},"excerpt":{"rendered":"<p>Einheitlich in orange Warnwesten gekleidet haben zw\u00f6lf Interessierte die Montagelinie der Mercedes Special Trucks im Mercedes Lkw-Werk in W\u00f6rth am Rhein besichtigt. Dabei konnte die Entstehung von Econic, Zetros und des Unimog miterlebt werden. Man kann dabei verfolgen, wie aus &hellip; <a href=\"http:\/\/u-c-o.de\/?page_id=1013\">Weiterlesen <span class=\"meta-nav\">&rarr;<\/span><\/a><\/p>\n","protected":false},"author":1,"featured_media":0,"parent":1000,"menu_order":2,"comment_status":"closed","ping_status":"closed","template":"","meta":[],"_links":{"self":[{"href":"http:\/\/u-c-o.de\/index.php?rest_route=\/wp\/v2\/pages\/1013"}],"collection":[{"href":"http:\/\/u-c-o.de\/index.php?rest_route=\/wp\/v2\/pages"}],"about":[{"href":"http:\/\/u-c-o.de\/index.php?rest_route=\/wp\/v2\/types\/page"}],"author":[{"embeddable":true,"href":"http:\/\/u-c-o.de\/index.php?rest_route=\/wp\/v2\/users\/1"}],"replies":[{"embeddable":true,"href":"http:\/\/u-c-o.de\/index.php?rest_route=%2Fwp%2Fv2%2Fcomments&post=1013"}],"version-history":[{"count":1,"href":"http:\/\/u-c-o.de\/index.php?rest_route=\/wp\/v2\/pages\/1013\/revisions"}],"predecessor-version":[{"id":1023,"href":"http:\/\/u-c-o.de\/index.php?rest_route=\/wp\/v2\/pages\/1013\/revisions\/1023"}],"up":[{"embeddable":true,"href":"http:\/\/u-c-o.de\/index.php?rest_route=\/wp\/v2\/pages\/1000"}],"wp:attachment":[{"href":"http:\/\/u-c-o.de\/index.php?rest_route=%2Fwp%2Fv2%2Fmedia&parent=1013"}],"curies":[{"name":"wp","href":"https:\/\/api.w.org\/{rel}","templated":true}]}}